{"id":32495,"date":"2026-02-10T17:28:58","date_gmt":"2026-02-10T17:28:58","guid":{"rendered":"https:\/\/www.montecastelli.it\/prodotti-montecastelli\/"},"modified":"2026-04-22T10:16:48","modified_gmt":"2026-04-22T10:16:48","slug":"produkte-montecastelli","status":"publish","type":"page","link":"https:\/\/www.montecastelli.com\/de\/produkte-montecastelli\/","title":{"rendered":"unser Produkt"},"content":{"rendered":"\t\t<div data-elementor-type=\"wp-page\" data-elementor-id=\"32495\" class=\"elementor elementor-32495 elementor-30796\">\n\t\t\t\t<div class=\"elementor-element elementor-element-efd145d wd-section-stretch e-con-full e-flex e-con e-parent\" data-id=\"efd145d\" data-element_type=\"container\" data-settings=\"{&quot;background_background&quot;:&quot;classic&quot;}\">\n\t\t\t\t<div class=\"elementor-element elementor-element-4e89b97 elementor-widget elementor-widget-heading\" data-id=\"4e89b97\" data-element_type=\"widget\" data-widget_type=\"heading.default\">\n\t\t\t\t\t<h1 class=\"elementor-heading-title elementor-size-default\">unser Produkt<\/h1>\t\t\t\t<\/div>\n\t\t\t\t<\/div>\n\t\t<div class=\"wd-negative-gap elementor-element elementor-element-4011e99 e-flex e-con-boxed e-con e-parent\" data-id=\"4011e99\" data-element_type=\"container\">\n\t\t\t\t\t<div class=\"e-con-inner\">\n\t\t<div class=\"elementor-element elementor-element-713ccf7 e-con-full e-flex e-con e-child\" data-id=\"713ccf7\" data-element_type=\"container\">\n\t\t\t\t<div class=\"elementor-element elementor-element-01008b8 elementor-widget elementor-widget-wd_image_or_svg\" data-id=\"01008b8\" data-element_type=\"widget\" data-widget_type=\"wd_image_or_svg.default\">\n\t\t\t\t<div class=\"elementor-widget-container\">\n\t\t\t\t\t\n\t\t<div class=\"wd-image text-left\">\n\t\t\t\t\t\t\t\t<img loading=\"lazy\" decoding=\"async\" width=\"663\" height=\"562\" src=\"https:\/\/www.montecastelli.com\/wp-content\/uploads\/2026\/02\/olivi-di-Villa-Montecastelli.webp\" class=\"attachment-full size-full\" alt=\"\" srcset=\"https:\/\/www.montecastelli.com\/wp-content\/uploads\/2026\/02\/olivi-di-Villa-Montecastelli.webp 663w, https:\/\/www.montecastelli.com\/wp-content\/uploads\/2026\/02\/olivi-di-Villa-Montecastelli-354x300.webp 354w, https:\/\/www.montecastelli.com\/wp-content\/uploads\/2026\/02\/olivi-di-Villa-Montecastelli-430x364.webp 430w, https:\/\/www.montecastelli.com\/wp-content\/uploads\/2026\/02\/olivi-di-Villa-Montecastelli-150x127.webp 150w\" sizes=\"auto, (max-width: 663px) 100vw, 663px\" \/>\t\t\t\t\t<\/div>\n\n\t\t\t\t\t\t<\/div>\n\t\t\t\t<\/div>\n\t\t\t\t<\/div>\n\t\t<div class=\"elementor-element elementor-element-cd7aefd e-con-full e-flex e-con e-child\" data-id=\"cd7aefd\" data-element_type=\"container\">\n\t\t\t\t<div class=\"elementor-element elementor-element-0f2d05e wd-width-100 elementor-widget elementor-widget-wd_title\" data-id=\"0f2d05e\" data-element_type=\"widget\" data-widget_type=\"wd_title.default\">\n\t\t\t\t<div class=\"elementor-widget-container\">\n\t\t\t\t\t\t\t<div class=\"title-wrapper wd-set-mb reset-last-child wd-title-color-primary wd-title-style-default wd-title-size-large text-left\">\n\n\t\t\t\t\t\t\t\t\t\t\t<div class=\"title-subtitle subtitle-color-primary subtitle-style-default wd-fontsize-xs\">\n\t\t\t\t\tunser Produkt\t\t\t\t<\/div>\n\t\t\t\n\t\t\t<div class=\"liner-continer\">\n\t\t\t\t<h4 class=\"woodmart-title-container title wd-fontsize-xxl\">Bio natives Oliven\u00f6l extra und Gem\u00fcse aus dem Garten<\/h4> \n\t\t\t\t\t\t\t<\/div>\n\n\t\t\t\t\t<\/div>\n\t\t\t\t\t\t<\/div>\n\t\t\t\t<\/div>\n\t\t\t\t<div class=\"elementor-element elementor-element-36e19e2 elementor-widget elementor-widget-wd_text_block\" data-id=\"36e19e2\" data-element_type=\"widget\" data-widget_type=\"wd_text_block.default\">\n\t\t\t\t<div class=\"elementor-widget-container\">\n\t\t\t\t\t\t\t<div class=\"wd-text-block reset-last-child text-left\">\n\t\t\t\n\t\t\t<p>F\u00fcr unsere Produkte halten wir uns an den<strong> biodynamischen Kalender<\/strong> und beobachten aufmerksam die Mondzyklen, aber was uns wirklich jeden Tag antreibt, ist die Kraft der Sonne und die Energie, die sie auf die Erde und die B\u00e4ume \u00fcbertr\u00e4gt.<\/p><p>Unser Ziel ist es, jeden Olivenbaum in den bestm\u00f6glichen Zustand zu versetzen, um sich auf nat\u00fcrliche Weise zu ern\u00e4hren und zu verteidigen. Aus diesem Grund verwenden wir seit \u00fcber zehn Jahren effiziente Mikroelemente: kleine \"gute\" Bakterien, die den Boden regenerieren, den D\u00fcnger ver\u00e4ndern und zum Wohlbefinden des gesamten landwirtschaftlichen \u00d6kosystems beitragen. Auf diese Weise erzeugen wir eine reiche organische Substanz im Boden, der die Grundlage unserer Landwirtschaft bildet.<\/p>\n\t\t\t\t\t<\/div>\n\t\t\t\t\t\t<\/div>\n\t\t\t\t<\/div>\n\t\t\t\t<\/div>\n\t\t\t\t\t<\/div>\n\t\t\t\t<\/div>\n\t\t<div class=\"wd-negative-gap elementor-element elementor-element-f2de865 wd-section-stretch e-flex e-con-boxed e-con e-parent\" data-id=\"f2de865\" data-element_type=\"container\" data-settings=\"{&quot;background_background&quot;:&quot;classic&quot;}\">\n\t\t\t\t\t<div class=\"e-con-inner\">\n\t\t<div class=\"elementor-element elementor-element-b78b36e e-con-full e-flex e-con e-child\" data-id=\"b78b36e\" data-element_type=\"container\">\n\t\t\t\t<div class=\"elementor-element elementor-element-150a53a wd-width-100 elementor-widget elementor-widget-wd_title\" data-id=\"150a53a\" data-element_type=\"widget\" data-widget_type=\"wd_title.default\">\n\t\t\t\t<div class=\"elementor-widget-container\">\n\t\t\t\t\t\t\t<div class=\"title-wrapper wd-set-mb reset-last-child wd-title-color-primary wd-title-style-default wd-title-size-large text-left\">\n\n\t\t\t\t\t\t\t\t\t\t\t<div class=\"title-subtitle subtitle-color-primary subtitle-style-default wd-fontsize-xs\">\n\t\t\t\t\tProduktionszyklus\t\t\t\t<\/div>\n\t\t\t\n\t\t\t<div class=\"liner-continer\">\n\t\t\t\t<h4 class=\"woodmart-title-container title wd-fontsize-xxl\">Einfache und nat\u00fcrliche Methoden<\/h4> \n\t\t\t\t\t\t\t<\/div>\n\n\t\t\t\t\t<\/div>\n\t\t\t\t\t\t<\/div>\n\t\t\t\t<\/div>\n\t\t\t\t<div class=\"elementor-element elementor-element-d40bcd0 elementor-widget elementor-widget-wd_text_block\" data-id=\"d40bcd0\" data-element_type=\"widget\" data-widget_type=\"wd_text_block.default\">\n\t\t\t\t<div class=\"elementor-widget-container\">\n\t\t\t\t\t\t\t<div class=\"wd-text-block reset-last-child text-left\">\n\t\t\t\n\t\t\t<p>Zu Beginn des Jahres f\u00fchren wir eine sorgf\u00e4ltige und gezielte Beschneidung durch, gefolgt von der D\u00fcngung der B\u00e4ume mit einem <strong>selbstproduzierten D\u00fcnger.<\/strong> Es ist ein nat\u00fcrlicher D\u00fcnger, der durch die Fermentation von Pferdemist, Olivenguss und Hackschnitzel aus dem Beschneiden gewonnen wird. Anschlie\u00dfend \u00f6ffnen wir den Olivenhain f\u00fcr unser Pferd, das auf nat\u00fcrliche Weise zur Pflege des Grasbodens beitr\u00e4gt.<\/p><p>Im August widmen wir uns dem Best\u00e4uben und der \u00dcberwachung der Oliven\u00f6lfliege (Bactrocera oleae). Wir intervenieren nur mit einfachen und <strong>nat\u00fcrlichen Methoden<\/strong>, indem wir K\u00f6der auf Ammoniak- und Sardinenbasis verwenden. Seit \u00fcber zwanzig Jahren verwenden wir in unserer Landwirtschaft weder Kupfer noch Dimethoat.<\/p><p>Wir haben ein landwirtschaftliches System entwickelt, das auf der reichen und vielf\u00e4ltigen Pr\u00e4senz nat\u00fcrlicher J\u00e4ger der Olivenfliege basiert. Der Lavendel und die zahlreichen toskanischen Wildblumen und Kr\u00e4uter, die am Rand des Olivenhains gepflanzt werden, ziehen n\u00fctzliche Insekten an, f\u00fcttern die Bienen und locken die V\u00f6gel,<strong> die wiederum zum nat\u00fcrlichen Gleichgewicht beitragen<\/strong>.<\/p><p>Nach der Olivenernte lassen wir die H\u00fchner im Olivenhain weiden: Was von den Larven der Fliege \u00fcbrig bleibt, wird so entfernt und verwandelt, wodurch ein Kreislauf vollendet wird, in dem die Natur selbst ihre Arbeit macht.<\/p>\n\t\t\t\t\t<\/div>\n\t\t\t\t\t\t<\/div>\n\t\t\t\t<\/div>\n\t\t\t\t<\/div>\n\t\t<div class=\"elementor-element elementor-element-3e0f648 e-con-full e-flex e-con e-child\" data-id=\"3e0f648\" data-element_type=\"container\">\n\t\t\t\t<div class=\"elementor-element elementor-element-5207579 elementor-widget elementor-widget-wd_image_or_svg\" data-id=\"5207579\" data-element_type=\"widget\" data-widget_type=\"wd_image_or_svg.default\">\n\t\t\t\t<div class=\"elementor-widget-container\">\n\t\t\t\t\t\n\t\t<div class=\"wd-image text-center\">\n\t\t\t\t\t\t\t\t<img loading=\"lazy\" decoding=\"async\" width=\"606\" height=\"637\" src=\"https:\/\/www.montecastelli.com\/wp-content\/uploads\/2026\/02\/produzione-biodinamica.webp\" class=\"attachment-full size-full\" alt=\"\" srcset=\"https:\/\/www.montecastelli.com\/wp-content\/uploads\/2026\/02\/produzione-biodinamica.webp 606w, https:\/\/www.montecastelli.com\/wp-content\/uploads\/2026\/02\/produzione-biodinamica-285x300.webp 285w, https:\/\/www.montecastelli.com\/wp-content\/uploads\/2026\/02\/produzione-biodinamica-430x452.webp 430w, https:\/\/www.montecastelli.com\/wp-content\/uploads\/2026\/02\/produzione-biodinamica-150x158.webp 150w\" sizes=\"auto, (max-width: 606px) 100vw, 606px\" \/>\t\t\t\t\t<\/div>\n\n\t\t\t\t\t\t<\/div>\n\t\t\t\t<\/div>\n\t\t\t\t<\/div>\n\t\t\t\t\t<\/div>\n\t\t\t\t<\/div>\n\t\t<div class=\"wd-negative-gap elementor-element elementor-element-583f2ee e-flex e-con-boxed e-con e-parent\" data-id=\"583f2ee\" data-element_type=\"container\">\n\t\t\t\t\t<div class=\"e-con-inner\">\n\t\t<div class=\"elementor-element elementor-element-4c0be86 e-con-full e-flex e-con e-child\" data-id=\"4c0be86\" data-element_type=\"container\">\n\t\t\t\t<div class=\"elementor-element elementor-element-64b498b elementor-widget elementor-widget-wd_image_or_svg\" data-id=\"64b498b\" data-element_type=\"widget\" data-widget_type=\"wd_image_or_svg.default\">\n\t\t\t\t<div class=\"elementor-widget-container\">\n\t\t\t\t\t\n\t\t<div class=\"wd-image text-left\">\n\t\t\t\t\t\t\t\t<img loading=\"lazy\" decoding=\"async\" width=\"606\" height=\"554\" src=\"https:\/\/www.montecastelli.com\/wp-content\/uploads\/2025\/12\/olio-di-oliva-bio-Montecastelli.jpg\" class=\"attachment-full size-full\" alt=\"\" srcset=\"https:\/\/www.montecastelli.com\/wp-content\/uploads\/2025\/12\/olio-di-oliva-bio-Montecastelli.jpg 606w, https:\/\/www.montecastelli.com\/wp-content\/uploads\/2025\/12\/olio-di-oliva-bio-Montecastelli-430x393.jpg 430w, https:\/\/www.montecastelli.com\/wp-content\/uploads\/2025\/12\/olio-di-oliva-bio-Montecastelli-150x137.jpg 150w, https:\/\/www.montecastelli.com\/wp-content\/uploads\/2025\/12\/olio-di-oliva-bio-Montecastelli-328x300.jpg 328w\" sizes=\"auto, (max-width: 606px) 100vw, 606px\" \/>\t\t\t\t\t<\/div>\n\n\t\t\t\t\t\t<\/div>\n\t\t\t\t<\/div>\n\t\t\t\t<\/div>\n\t\t<div class=\"elementor-element elementor-element-c75b403 e-con-full e-flex e-con e-child\" data-id=\"c75b403\" data-element_type=\"container\">\n\t\t\t\t<div class=\"elementor-element elementor-element-bb64c72 wd-width-100 elementor-widget elementor-widget-wd_title\" data-id=\"bb64c72\" data-element_type=\"widget\" data-widget_type=\"wd_title.default\">\n\t\t\t\t<div class=\"elementor-widget-container\">\n\t\t\t\t\t\t\t<div class=\"title-wrapper wd-set-mb reset-last-child wd-title-color-primary wd-title-style-default wd-title-size-large text-left\">\n\n\t\t\t\t\t\t\t\t\t\t\t<div class=\"title-subtitle subtitle-color-primary subtitle-style-default wd-fontsize-xs\">\n\t\t\t\t\tUnser natives Bio-Oliven\u00f6l extra\t\t\t\t<\/div>\n\t\t\t\n\t\t\t<div class=\"liner-continer\">\n\t\t\t\t<h4 class=\"woodmart-title-container title wd-fontsize-xxl\">erste<\/h4> \n\t\t\t\t\t\t\t<\/div>\n\n\t\t\t\t\t<\/div>\n\t\t\t\t\t\t<\/div>\n\t\t\t\t<\/div>\n\t\t\t\t<div class=\"elementor-element elementor-element-55836ad elementor-widget elementor-widget-wd_text_block\" data-id=\"55836ad\" data-element_type=\"widget\" data-widget_type=\"wd_text_block.default\">\n\t\t\t\t<div class=\"elementor-widget-container\">\n\t\t\t\t\t\t\t<div class=\"wd-text-block reset-last-child text-left\">\n\t\t\t\n\t\t\t<p>Das wichtigste Ergebnis dieses Prozesses ist unser <strong>Bio-EVO-\u00d6l<\/strong>, ein Produkt, das innerhalb von 8 Stunden nach der Ernte in unserer \u00d6lm\u00fchle von Alfa Laval vor Ort zerkleinert wird.<br \/>Ein \u00d6l mit einer pr\u00e4zisen Herkunft und ausschlie\u00dflich aus unseren eigenen, vom <strong>CCPB zertifizierten Bio-Oliven<\/strong> hergestellt und nicht mit Oliven anderer Herkunft vermischt.<br \/>Dies f\u00fchrt zu einem \u00fcberdurchschnittlichen Gehalt an Polyphenolen und bietet einen frischen, w\u00fcrzigen Geschmack mit einem pikanten, tendenziell bitteren Abgang.<\/p>\n\t\t\t\t\t<\/div>\n\t\t\t\t\t\t<\/div>\n\t\t\t\t<\/div>\n\t\t<div class=\"elementor-element elementor-element-993a56d e-con-full e-flex e-con e-child\" data-id=\"993a56d\" data-element_type=\"container\">\n\t\t\t\t<div class=\"elementor-element elementor-element-2b0e5e7 elementor-widget elementor-widget-wd_button\" data-id=\"2b0e5e7\" data-element_type=\"widget\" data-widget_type=\"wd_button.default\">\n\t\t\t\t<div class=\"elementor-widget-container\">\n\t\t\t\t\t\t\t<div class=\"wd-button-wrapper text-center\" >\n\t\t\t<a class=\"btn btn-style-default btn-shape-rectangle btn-size-default btn-color-primary btn-icon-pos-right\"  href=\"https:\/\/www.montecastelli.com\/de\/shop\/\">\n\t\t\t\t<span class=\"wd-btn-text\" data-elementor-setting-key=\"text\">\n\t\t\t\t\tGenie\u00dfen Sie unser \u00d6l\t\t\t\t<\/span>\n\n\t\t\t\t\t\t\t<\/a>\n\t\t<\/div>\n\t\t\t\t\t\t<\/div>\n\t\t\t\t<\/div>\n\t\t\t\t<\/div>\n\t\t\t\t<div class=\"elementor-element elementor-element-15769f6 elementor-widget elementor-widget-wd_text_block\" data-id=\"15769f6\" data-element_type=\"widget\" data-widget_type=\"wd_text_block.default\">\n\t\t\t\t<div class=\"elementor-widget-container\">\n\t\t\t\t\t\t\t<div class=\"wd-text-block reset-last-child text-left\">\n\t\t\t\n\t\t\t<p>Au\u00dferdem hat unser \u00d6l die <strong>Goldmedaille<\/strong> beim Dubai Olive Oil Competition erhalten.<\/p>\n\t\t\t\t\t<\/div>\n\t\t\t\t\t\t<\/div>\n\t\t\t\t<\/div>\n\t\t\t\t<div class=\"elementor-element elementor-element-4d0fb27 elementor-widget elementor-widget-image\" data-id=\"4d0fb27\" data-element_type=\"widget\" data-widget_type=\"image.default\">\n\t\t\t\t\t\t\t\t\t\t\t\t\t\t\t<img loading=\"lazy\" decoding=\"async\" width=\"123\" height=\"127\" src=\"https:\/\/www.montecastelli.com\/wp-content\/uploads\/2026\/04\/Copie-de-GOLD-AWARD-2026-Early-Harvest-Recuperato-1.png\" class=\"attachment-full size-full wp-image-33394\" alt=\"\" \/>\t\t\t\t\t\t\t\t\t\t\t\t\t\t\t<\/div>\n\t\t\t\t<\/div>\n\t\t\t\t\t<\/div>\n\t\t\t\t<\/div>\n\t\t<div class=\"wd-negative-gap elementor-element elementor-element-085d606 wd-section-stretch e-flex e-con-boxed e-con e-parent\" data-id=\"085d606\" data-element_type=\"container\" data-settings=\"{&quot;background_background&quot;:&quot;classic&quot;}\">\n\t\t\t\t\t<div class=\"e-con-inner\">\n\t\t<div class=\"elementor-element elementor-element-50fd0f7 e-con-full e-flex e-con e-child\" data-id=\"50fd0f7\" data-element_type=\"container\">\n\t\t<div class=\"wd-negative-gap elementor-element elementor-element-7a4dd80 e-flex e-con-boxed e-con e-child\" data-id=\"7a4dd80\" data-element_type=\"container\">\n\t\t\t\t\t<div class=\"e-con-inner\">\n\t\t\t\t<div class=\"elementor-element elementor-element-67194fe wd-width-100 elementor-widget elementor-widget-wd_title\" data-id=\"67194fe\" data-element_type=\"widget\" data-widget_type=\"wd_title.default\">\n\t\t\t\t<div class=\"elementor-widget-container\">\n\t\t\t\t\t\t\t<div class=\"title-wrapper wd-set-mb reset-last-child wd-title-color-default wd-title-style-default wd-title-size-default text-left\">\n\n\t\t\t\n\t\t\t<div class=\"liner-continer\">\n\t\t\t\t<h4 class=\"woodmart-title-container title wd-fontsize-l\">DIE LETZTEN JAHRE<\/h4> \n\t\t\t\t\t\t\t<\/div>\n\n\t\t\t\t\t<\/div>\n\t\t\t\t\t\t<\/div>\n\t\t\t\t<\/div>\n\t\t\t\t<div class=\"elementor-element elementor-element-f5530c9 elementor-widget elementor-widget-wd_products_widget\" data-id=\"f5530c9\" data-element_type=\"widget\" data-widget_type=\"wd_products_widget.default\">\n\t\t\t\t<div class=\"elementor-widget-container\">\n\t\t\t\t\t\t\t<div class=\"widget_products\">\n\t\t\t<div class=\"widget woocommerce widget_products\"><ul class=\"product_list_widget\"><li>\n\t\t<span class=\"widget-product-wrap\">\n\t\t<a href=\"https:\/\/www.montecastelli.com\/de\/prodotto\/primo-olio-05l-raccolta-2024\/\" title=\"Primo OLIO 0.5L *Ernte 2024*\" class=\"widget-product-img\">\n\t\t\t<img loading=\"lazy\" decoding=\"async\" width=\"65\" height=\"94\" src=\"https:\/\/www.montecastelli.com\/wp-content\/uploads\/2025\/12\/olio-extra-vergine-di-oliva-italiano-Primo-Olio-Montecastelli-1-65x94.jpg\" class=\"attachment-65x94 size-65x94\" alt=\"olio extra vergine di oliva italiano Primo Olio Montecastelli\" \/>\t\t<\/a>\n\t\t<span class=\"widget-product-info\">\n\t\t\t<a href=\"https:\/\/www.montecastelli.com\/de\/prodotto\/primo-olio-05l-raccolta-2024\/\" title=\"Primo OLIO 0.5L *Ernte 2024*\" class=\"wd-entities-title\">\n\t\t\t\tPrimo OLIO 0.5L *Ernte 2024*\t\t\t<\/a>\n\t\t\t\t\t\t\t\t\t\t\t\t\t<span class=\"price\"><span class=\"woocommerce-Price-amount amount\"><bdi>20,00&nbsp;<span class=\"woocommerce-Price-currencySymbol\">&euro;<\/span><\/bdi><\/span><\/span>\n\t\t<\/span>\n\t<\/span>\n\t<\/li>\n<li>\n\t\t<span class=\"widget-product-wrap\">\n\t\t<a href=\"https:\/\/www.montecastelli.com\/de\/prodotto\/3-3-la-rasina-olio-doliva-ev-05l-aceto-balsamico-di-modena-igp-bronzo-025l\/\" title=\"3 + 3 La Rasina Olio d\u2019Oliva EV 0,5L + Aceto Balsamico di Modena IGP Bronzo 0,25L\" class=\"widget-product-img\">\n\t\t\t<img loading=\"lazy\" decoding=\"async\" width=\"65\" height=\"94\" src=\"https:\/\/www.montecastelli.com\/wp-content\/uploads\/2025\/12\/la-rasina-olio-doliva-ev-05l-aceto-balsamico-di-modena-2-igp-bronzo-025l-1-65x94.webp\" class=\"attachment-65x94 size-65x94\" alt=\"la rasina olio e aceto balsamico di modena\" \/>\t\t<\/a>\n\t\t<span class=\"widget-product-info\">\n\t\t\t<a href=\"https:\/\/www.montecastelli.com\/de\/prodotto\/3-3-la-rasina-olio-doliva-ev-05l-aceto-balsamico-di-modena-igp-bronzo-025l\/\" title=\"3 + 3 La Rasina Olio d\u2019Oliva EV 0,5L + Aceto Balsamico di Modena IGP Bronzo 0,25L\" class=\"wd-entities-title\">\n\t\t\t\t3 + 3 La Rasina Olio d\u2019Oliva EV 0,5L + Aceto Balsamico di Modena IGP Bronzo 0,25L\t\t\t<\/a>\n\t\t\t\t\t\t\t\t\t\t\t\t\t<span class=\"price\"><span class=\"woocommerce-Price-amount amount\"><bdi>87,00&nbsp;<span class=\"woocommerce-Price-currencySymbol\">&euro;<\/span><\/bdi><\/span><\/span>\n\t\t<\/span>\n\t<\/span>\n\t<\/li>\n<li>\n\t\t<span class=\"widget-product-wrap\">\n\t\t<a href=\"https:\/\/www.montecastelli.com\/de\/prodotto\/primo-olio-0-5l\/\" title=\"PRIMO OLIO 0.5L\" class=\"widget-product-img\">\n\t\t\t<img loading=\"lazy\" decoding=\"async\" width=\"65\" height=\"94\" src=\"https:\/\/www.montecastelli.com\/wp-content\/uploads\/2025\/12\/primo-olio-05l-2022-65x94.webp\" class=\"attachment-65x94 size-65x94\" alt=\"primo-olio-05l-2022 foto prodotto\" \/>\t\t<\/a>\n\t\t<span class=\"widget-product-info\">\n\t\t\t<a href=\"https:\/\/www.montecastelli.com\/de\/prodotto\/primo-olio-0-5l\/\" title=\"PRIMO OLIO 0.5L\" class=\"wd-entities-title\">\n\t\t\t\tPRIMO OLIO 0.5L\t\t\t<\/a>\n\t\t\t\t\t\t\t\t\t\t\t\t\t<span class=\"price\"><span class=\"woocommerce-Price-amount amount\"><bdi>25,00&nbsp;<span class=\"woocommerce-Price-currencySymbol\">&euro;<\/span><\/bdi><\/span><\/span>\n\t\t<\/span>\n\t<\/span>\n\t<\/li>\n<\/ul><\/div>\t\t<\/div>\n\t\t\t\t\t\t<\/div>\n\t\t\t\t<\/div>\n\t\t\t\t\t<\/div>\n\t\t\t\t<\/div>\n\t\t\t\t<\/div>\n\t\t<div class=\"elementor-element elementor-element-49c4fbf e-con-full e-flex e-con e-child\" data-id=\"49c4fbf\" data-element_type=\"container\">\n\t\t\t\t<div class=\"elementor-element elementor-element-42b0180 elementor-widget elementor-widget-wd_image_or_svg\" data-id=\"42b0180\" data-element_type=\"widget\" data-widget_type=\"wd_image_or_svg.default\">\n\t\t\t\t<div class=\"elementor-widget-container\">\n\t\t\t\t\t\n\t\t<div class=\"wd-image text-left\">\n\t\t\t\t\t\t\t\t<img loading=\"lazy\" decoding=\"async\" width=\"562\" height=\"620\" src=\"https:\/\/www.montecastelli.com\/wp-content\/uploads\/2026\/02\/foto-primo-olio-1.webp\" class=\"attachment-full size-full\" alt=\"\" srcset=\"https:\/\/www.montecastelli.com\/wp-content\/uploads\/2026\/02\/foto-primo-olio-1.webp 562w, https:\/\/www.montecastelli.com\/wp-content\/uploads\/2026\/02\/foto-primo-olio-1-272x300.webp 272w, https:\/\/www.montecastelli.com\/wp-content\/uploads\/2026\/02\/foto-primo-olio-1-430x474.webp 430w, https:\/\/www.montecastelli.com\/wp-content\/uploads\/2026\/02\/foto-primo-olio-1-150x165.webp 150w\" sizes=\"auto, (max-width: 562px) 100vw, 562px\" \/>\t\t\t\t\t<\/div>\n\n\t\t\t\t\t\t<\/div>\n\t\t\t\t<\/div>\n\t\t\t\t<\/div>\n\t\t\t\t\t<\/div>\n\t\t\t\t<\/div>\n\t\t<div class=\"elementor-element elementor-element-0aaf669 wd-section-stretch-content e-con-full e-flex e-con e-parent\" data-id=\"0aaf669\" data-element_type=\"container\" data-settings=\"{&quot;background_background&quot;:&quot;classic&quot;}\">\n\t\t<div class=\"elementor-element elementor-element-49529c7 color-scheme-light e-con-full wd-section-stretch-content e-flex e-con e-child\" data-id=\"49529c7\" data-element_type=\"container\">\n\t\t\t\t<div class=\"elementor-element elementor-element-85887de elementor-widget__width-inherit wd-width-100 elementor-widget elementor-widget-wd_images_gallery\" data-id=\"85887de\" data-element_type=\"widget\" data-widget_type=\"wd_images_gallery.default\">\n\t\t\t\t<div class=\"elementor-widget-container\">\n\t\t\t\t\t\t\t<div class=\"wd-images-gallery photoswipe-images\" style=\"--wd-align-items:center; --wd-justify-content:center;\">\n\t\t\t\t\t\t<div class=\"wd-masonry wd-grid-f-col\" style=\"--wd-col-lg:4;--wd-col-md:2;--wd-col-sm:1;--wd-gap-lg:6px;\" >\n\t\t\t\t\t\t\t\t\t\t\t\t\t\t\t\t\t\t<div class=\"wd-gallery-item wd-col\">\n\t\t\t\t\t\t\t\t\t\t\t\t\t<a  href=\"https:\/\/www.montecastelli.com\/wp-content\/uploads\/2026\/02\/olivi-Villa-Montecastello.webp\" data-width=\"1242\" data-height=\"826\" data-index=\"1\" data-elementor-open-lightbox=\"no\">\n\t\t\t\t\t\t\n\t\t\t\t\t\t<img loading=\"lazy\" decoding=\"async\" width=\"1242\" height=\"826\" src=\"https:\/\/www.montecastelli.com\/wp-content\/uploads\/2026\/02\/olivi-Villa-Montecastello.webp\" class=\"attachment-full size-full\" alt=\"olivi Villa Montecastello\" srcset=\"https:\/\/www.montecastelli.com\/wp-content\/uploads\/2026\/02\/olivi-Villa-Montecastello.webp 1242w, https:\/\/www.montecastelli.com\/wp-content\/uploads\/2026\/02\/olivi-Villa-Montecastello-400x266.webp 400w, https:\/\/www.montecastelli.com\/wp-content\/uploads\/2026\/02\/olivi-Villa-Montecastello-1203x800.webp 1203w, https:\/\/www.montecastelli.com\/wp-content\/uploads\/2026\/02\/olivi-Villa-Montecastello-768x511.webp 768w, https:\/\/www.montecastelli.com\/wp-content\/uploads\/2026\/02\/olivi-Villa-Montecastello-430x286.webp 430w, https:\/\/www.montecastelli.com\/wp-content\/uploads\/2026\/02\/olivi-Villa-Montecastello-700x466.webp 700w, https:\/\/www.montecastelli.com\/wp-content\/uploads\/2026\/02\/olivi-Villa-Montecastello-150x100.webp 150w\" sizes=\"auto, (max-width: 1242px) 100vw, 1242px\" \/>\n\t\t\t\t\t\t\t\t\t\t\t\t\t<\/a>\n\t\t\t\t\t\t\t\t\t\t\t<\/div>\n\t\t\t\t\t\t\t\t\t\t\t\t\t\t\t<div class=\"wd-gallery-item wd-col\">\n\t\t\t\t\t\t\t\t\t\t\t\t\t<a  href=\"https:\/\/www.montecastelli.com\/wp-content\/uploads\/2026\/02\/Villa-Montecastello-Oliveta.webp\" data-width=\"547\" data-height=\"823\" data-index=\"2\" data-elementor-open-lightbox=\"no\">\n\t\t\t\t\t\t\n\t\t\t\t\t\t<img loading=\"lazy\" decoding=\"async\" width=\"547\" height=\"823\" src=\"https:\/\/www.montecastelli.com\/wp-content\/uploads\/2026\/02\/Villa-Montecastello-Oliveta.webp\" class=\"attachment-full size-full\" alt=\"Villa Montecastello Oliveta\" srcset=\"https:\/\/www.montecastelli.com\/wp-content\/uploads\/2026\/02\/Villa-Montecastello-Oliveta.webp 547w, https:\/\/www.montecastelli.com\/wp-content\/uploads\/2026\/02\/Villa-Montecastello-Oliveta-199x300.webp 199w, https:\/\/www.montecastelli.com\/wp-content\/uploads\/2026\/02\/Villa-Montecastello-Oliveta-532x800.webp 532w, https:\/\/www.montecastelli.com\/wp-content\/uploads\/2026\/02\/Villa-Montecastello-Oliveta-430x647.webp 430w, https:\/\/www.montecastelli.com\/wp-content\/uploads\/2026\/02\/Villa-Montecastello-Oliveta-150x226.webp 150w\" sizes=\"auto, (max-width: 547px) 100vw, 547px\" \/>\n\t\t\t\t\t\t\t\t\t\t\t\t\t<\/a>\n\t\t\t\t\t\t\t\t\t\t\t<\/div>\n\t\t\t\t\t\t\t\t\t\t\t\t\t\t\t<div class=\"wd-gallery-item wd-col\">\n\t\t\t\t\t\t\t\t\t\t\t\t\t<a  href=\"https:\/\/www.montecastelli.com\/wp-content\/uploads\/2026\/02\/raccolta-delle-olive-Villa-Montecastello-2.webp\" data-width=\"1097\" data-height=\"742\" data-index=\"3\" data-elementor-open-lightbox=\"no\">\n\t\t\t\t\t\t\n\t\t\t\t\t\t<img loading=\"lazy\" decoding=\"async\" width=\"1097\" height=\"742\" src=\"https:\/\/www.montecastelli.com\/wp-content\/uploads\/2026\/02\/raccolta-delle-olive-Villa-Montecastello-2.webp\" class=\"attachment-full size-full\" alt=\"raccolta delle olive Villa Montecastello 2\" srcset=\"https:\/\/www.montecastelli.com\/wp-content\/uploads\/2026\/02\/raccolta-delle-olive-Villa-Montecastello-2.webp 1097w, https:\/\/www.montecastelli.com\/wp-content\/uploads\/2026\/02\/raccolta-delle-olive-Villa-Montecastello-2-400x271.webp 400w, https:\/\/www.montecastelli.com\/wp-content\/uploads\/2026\/02\/raccolta-delle-olive-Villa-Montecastello-2-768x519.webp 768w, https:\/\/www.montecastelli.com\/wp-content\/uploads\/2026\/02\/raccolta-delle-olive-Villa-Montecastello-2-430x291.webp 430w, https:\/\/www.montecastelli.com\/wp-content\/uploads\/2026\/02\/raccolta-delle-olive-Villa-Montecastello-2-700x473.webp 700w, https:\/\/www.montecastelli.com\/wp-content\/uploads\/2026\/02\/raccolta-delle-olive-Villa-Montecastello-2-150x101.webp 150w\" sizes=\"auto, (max-width: 1097px) 100vw, 1097px\" \/>\n\t\t\t\t\t\t\t\t\t\t\t\t\t<\/a>\n\t\t\t\t\t\t\t\t\t\t\t<\/div>\n\t\t\t\t\t\t\t\t\t\t\t\t\t\t\t<div class=\"wd-gallery-item wd-col\">\n\t\t\t\t\t\t\t\t\t\t\t\t\t<a  href=\"https:\/\/www.montecastelli.com\/wp-content\/uploads\/2026\/02\/raccolta-delle-olive-Villa-Montecastello-3.webp\" data-width=\"547\" data-height=\"822\" data-index=\"4\" data-elementor-open-lightbox=\"no\">\n\t\t\t\t\t\t\n\t\t\t\t\t\t<img loading=\"lazy\" decoding=\"async\" width=\"547\" height=\"822\" src=\"https:\/\/www.montecastelli.com\/wp-content\/uploads\/2026\/02\/raccolta-delle-olive-Villa-Montecastello-3.webp\" class=\"attachment-full size-full\" alt=\"raccolta delle olive Villa Montecastello 3\" srcset=\"https:\/\/www.montecastelli.com\/wp-content\/uploads\/2026\/02\/raccolta-delle-olive-Villa-Montecastello-3.webp 547w, https:\/\/www.montecastelli.com\/wp-content\/uploads\/2026\/02\/raccolta-delle-olive-Villa-Montecastello-3-200x300.webp 200w, https:\/\/www.montecastelli.com\/wp-content\/uploads\/2026\/02\/raccolta-delle-olive-Villa-Montecastello-3-532x800.webp 532w, https:\/\/www.montecastelli.com\/wp-content\/uploads\/2026\/02\/raccolta-delle-olive-Villa-Montecastello-3-430x646.webp 430w, https:\/\/www.montecastelli.com\/wp-content\/uploads\/2026\/02\/raccolta-delle-olive-Villa-Montecastello-3-150x225.webp 150w\" sizes=\"auto, (max-width: 547px) 100vw, 547px\" \/>\n\t\t\t\t\t\t\t\t\t\t\t\t\t<\/a>\n\t\t\t\t\t\t\t\t\t\t\t<\/div>\n\t\t\t\t\t\t\t\t\t\t\t\t\t\t\t<div class=\"wd-gallery-item wd-col\">\n\t\t\t\t\t\t\t\t\t\t\t\t\t<a  href=\"https:\/\/www.montecastelli.com\/wp-content\/uploads\/2026\/02\/Villa-Montecastello-Olivi.webp\" data-width=\"648\" data-height=\"900\" data-index=\"5\" data-elementor-open-lightbox=\"no\">\n\t\t\t\t\t\t\n\t\t\t\t\t\t<img loading=\"lazy\" decoding=\"async\" width=\"648\" height=\"900\" src=\"https:\/\/www.montecastelli.com\/wp-content\/uploads\/2026\/02\/Villa-Montecastello-Olivi.webp\" class=\"attachment-full size-full\" alt=\"Villa Montecastello Olivi\" srcset=\"https:\/\/www.montecastelli.com\/wp-content\/uploads\/2026\/02\/Villa-Montecastello-Olivi.webp 648w, https:\/\/www.montecastelli.com\/wp-content\/uploads\/2026\/02\/Villa-Montecastello-Olivi-216x300.webp 216w, https:\/\/www.montecastelli.com\/wp-content\/uploads\/2026\/02\/Villa-Montecastello-Olivi-576x800.webp 576w, https:\/\/www.montecastelli.com\/wp-content\/uploads\/2026\/02\/Villa-Montecastello-Olivi-430x597.webp 430w, https:\/\/www.montecastelli.com\/wp-content\/uploads\/2026\/02\/Villa-Montecastello-Olivi-150x208.webp 150w\" sizes=\"auto, (max-width: 648px) 100vw, 648px\" \/>\n\t\t\t\t\t\t\t\t\t\t\t\t\t<\/a>\n\t\t\t\t\t\t\t\t\t\t\t<\/div>\n\t\t\t\t\t\t\t\t\t\t\t\t\t\t\t<div class=\"wd-gallery-item wd-col\">\n\t\t\t\t\t\t\t\t\t\t\t\t\t<a  href=\"https:\/\/www.montecastelli.com\/wp-content\/uploads\/2026\/02\/raccolta-delle-olive-Villa-Montecastello.webp\" data-width=\"1100\" data-height=\"727\" data-index=\"6\" data-elementor-open-lightbox=\"no\">\n\t\t\t\t\t\t\n\t\t\t\t\t\t<img loading=\"lazy\" decoding=\"async\" width=\"1100\" height=\"727\" src=\"https:\/\/www.montecastelli.com\/wp-content\/uploads\/2026\/02\/raccolta-delle-olive-Villa-Montecastello.webp\" class=\"attachment-full size-full\" alt=\"raccolta delle olive Villa Montecastello\" srcset=\"https:\/\/www.montecastelli.com\/wp-content\/uploads\/2026\/02\/raccolta-delle-olive-Villa-Montecastello.webp 1100w, https:\/\/www.montecastelli.com\/wp-content\/uploads\/2026\/02\/raccolta-delle-olive-Villa-Montecastello-400x264.webp 400w, https:\/\/www.montecastelli.com\/wp-content\/uploads\/2026\/02\/raccolta-delle-olive-Villa-Montecastello-768x508.webp 768w, https:\/\/www.montecastelli.com\/wp-content\/uploads\/2026\/02\/raccolta-delle-olive-Villa-Montecastello-430x284.webp 430w, https:\/\/www.montecastelli.com\/wp-content\/uploads\/2026\/02\/raccolta-delle-olive-Villa-Montecastello-700x463.webp 700w, https:\/\/www.montecastelli.com\/wp-content\/uploads\/2026\/02\/raccolta-delle-olive-Villa-Montecastello-150x99.webp 150w\" sizes=\"auto, (max-width: 1100px) 100vw, 1100px\" \/>\n\t\t\t\t\t\t\t\t\t\t\t\t\t<\/a>\n\t\t\t\t\t\t\t\t\t\t\t<\/div>\n\t\t\t\t\t\t\t\t\t\t\t\t\t\t\t<div class=\"wd-gallery-item wd-col\">\n\t\t\t\t\t\t\t\t\t\t\t\t\t<a  href=\"https:\/\/www.montecastelli.com\/wp-content\/uploads\/2026\/02\/raccolta-olive-Villa-Montecastelli.webp\" data-width=\"1000\" data-height=\"697\" data-index=\"7\" data-elementor-open-lightbox=\"no\">\n\t\t\t\t\t\t\n\t\t\t\t\t\t<img loading=\"lazy\" decoding=\"async\" width=\"1000\" height=\"697\" src=\"https:\/\/www.montecastelli.com\/wp-content\/uploads\/2026\/02\/raccolta-olive-Villa-Montecastelli.webp\" class=\"attachment-full size-full\" alt=\"raccolta olive Villa Montecastelli\" srcset=\"https:\/\/www.montecastelli.com\/wp-content\/uploads\/2026\/02\/raccolta-olive-Villa-Montecastelli.webp 1000w, https:\/\/www.montecastelli.com\/wp-content\/uploads\/2026\/02\/raccolta-olive-Villa-Montecastelli-400x279.webp 400w, https:\/\/www.montecastelli.com\/wp-content\/uploads\/2026\/02\/raccolta-olive-Villa-Montecastelli-768x535.webp 768w, https:\/\/www.montecastelli.com\/wp-content\/uploads\/2026\/02\/raccolta-olive-Villa-Montecastelli-430x300.webp 430w, https:\/\/www.montecastelli.com\/wp-content\/uploads\/2026\/02\/raccolta-olive-Villa-Montecastelli-700x488.webp 700w, https:\/\/www.montecastelli.com\/wp-content\/uploads\/2026\/02\/raccolta-olive-Villa-Montecastelli-150x105.webp 150w\" sizes=\"auto, (max-width: 1000px) 100vw, 1000px\" \/>\n\t\t\t\t\t\t\t\t\t\t\t\t\t<\/a>\n\t\t\t\t\t\t\t\t\t\t\t<\/div>\n\t\t\t\t\t\t\t\t\t\t\t\t\t\t\t<div class=\"wd-gallery-item wd-col\">\n\t\t\t\t\t\t\t\t\t\t\t\t\t<a  href=\"https:\/\/www.montecastelli.com\/wp-content\/uploads\/2026\/02\/produzione-olio-evo-Villa-Montecastelli-3.webp\" data-width=\"1000\" data-height=\"691\" data-index=\"8\" data-elementor-open-lightbox=\"no\">\n\t\t\t\t\t\t\n\t\t\t\t\t\t<img loading=\"lazy\" decoding=\"async\" width=\"1000\" height=\"691\" src=\"https:\/\/www.montecastelli.com\/wp-content\/uploads\/2026\/02\/produzione-olio-evo-Villa-Montecastelli-3.webp\" class=\"attachment-full size-full\" alt=\"produzione olio evo Villa Montecastelli 3\" srcset=\"https:\/\/www.montecastelli.com\/wp-content\/uploads\/2026\/02\/produzione-olio-evo-Villa-Montecastelli-3.webp 1000w, https:\/\/www.montecastelli.com\/wp-content\/uploads\/2026\/02\/produzione-olio-evo-Villa-Montecastelli-3-400x276.webp 400w, https:\/\/www.montecastelli.com\/wp-content\/uploads\/2026\/02\/produzione-olio-evo-Villa-Montecastelli-3-768x531.webp 768w, https:\/\/www.montecastelli.com\/wp-content\/uploads\/2026\/02\/produzione-olio-evo-Villa-Montecastelli-3-430x297.webp 430w, https:\/\/www.montecastelli.com\/wp-content\/uploads\/2026\/02\/produzione-olio-evo-Villa-Montecastelli-3-700x484.webp 700w, https:\/\/www.montecastelli.com\/wp-content\/uploads\/2026\/02\/produzione-olio-evo-Villa-Montecastelli-3-150x104.webp 150w\" sizes=\"auto, (max-width: 1000px) 100vw, 1000px\" \/>\n\t\t\t\t\t\t\t\t\t\t\t\t\t<\/a>\n\t\t\t\t\t\t\t\t\t\t\t<\/div>\n\t\t\t\t\t\t\t\t\t\t\t\t\t\t\t<div class=\"wd-gallery-item wd-col\">\n\t\t\t\t\t\t\t\t\t\t\t\t\t<a  href=\"https:\/\/www.montecastelli.com\/wp-content\/uploads\/2026\/02\/produzione-olio-evo-Villa-Montecastelli-2.webp\" data-width=\"1000\" data-height=\"665\" data-index=\"9\" data-elementor-open-lightbox=\"no\">\n\t\t\t\t\t\t\n\t\t\t\t\t\t<img loading=\"lazy\" decoding=\"async\" width=\"1000\" height=\"665\" src=\"https:\/\/www.montecastelli.com\/wp-content\/uploads\/2026\/02\/produzione-olio-evo-Villa-Montecastelli-2.webp\" class=\"attachment-full size-full\" alt=\"produzione olio evo Villa Montecastelli 2\" srcset=\"https:\/\/www.montecastelli.com\/wp-content\/uploads\/2026\/02\/produzione-olio-evo-Villa-Montecastelli-2.webp 1000w, https:\/\/www.montecastelli.com\/wp-content\/uploads\/2026\/02\/produzione-olio-evo-Villa-Montecastelli-2-400x266.webp 400w, https:\/\/www.montecastelli.com\/wp-content\/uploads\/2026\/02\/produzione-olio-evo-Villa-Montecastelli-2-768x511.webp 768w, https:\/\/www.montecastelli.com\/wp-content\/uploads\/2026\/02\/produzione-olio-evo-Villa-Montecastelli-2-430x286.webp 430w, https:\/\/www.montecastelli.com\/wp-content\/uploads\/2026\/02\/produzione-olio-evo-Villa-Montecastelli-2-700x466.webp 700w, https:\/\/www.montecastelli.com\/wp-content\/uploads\/2026\/02\/produzione-olio-evo-Villa-Montecastelli-2-150x100.webp 150w\" sizes=\"auto, (max-width: 1000px) 100vw, 1000px\" \/>\n\t\t\t\t\t\t\t\t\t\t\t\t\t<\/a>\n\t\t\t\t\t\t\t\t\t\t\t<\/div>\n\t\t\t\t\t\t\t\t\t\t\t\t\t\t\t<div class=\"wd-gallery-item wd-col\">\n\t\t\t\t\t\t\t\t\t\t\t\t\t<a  href=\"https:\/\/www.montecastelli.com\/wp-content\/uploads\/2026\/02\/produzione-olio-evo-Villa-Montecastelli.webp\" data-width=\"1028\" data-height=\"756\" data-index=\"10\" data-elementor-open-lightbox=\"no\">\n\t\t\t\t\t\t\n\t\t\t\t\t\t<img loading=\"lazy\" decoding=\"async\" width=\"1028\" height=\"756\" src=\"https:\/\/www.montecastelli.com\/wp-content\/uploads\/2026\/02\/produzione-olio-evo-Villa-Montecastelli.webp\" class=\"attachment-full size-full\" alt=\"produzione olio evo Villa Montecastelli\" srcset=\"https:\/\/www.montecastelli.com\/wp-content\/uploads\/2026\/02\/produzione-olio-evo-Villa-Montecastelli.webp 1028w, https:\/\/www.montecastelli.com\/wp-content\/uploads\/2026\/02\/produzione-olio-evo-Villa-Montecastelli-400x294.webp 400w, https:\/\/www.montecastelli.com\/wp-content\/uploads\/2026\/02\/produzione-olio-evo-Villa-Montecastelli-768x565.webp 768w, https:\/\/www.montecastelli.com\/wp-content\/uploads\/2026\/02\/produzione-olio-evo-Villa-Montecastelli-430x316.webp 430w, https:\/\/www.montecastelli.com\/wp-content\/uploads\/2026\/02\/produzione-olio-evo-Villa-Montecastelli-700x515.webp 700w, https:\/\/www.montecastelli.com\/wp-content\/uploads\/2026\/02\/produzione-olio-evo-Villa-Montecastelli-150x110.webp 150w\" sizes=\"auto, (max-width: 1028px) 100vw, 1028px\" \/>\n\t\t\t\t\t\t\t\t\t\t\t\t\t<\/a>\n\t\t\t\t\t\t\t\t\t\t\t<\/div>\n\t\t\t\t\t\t\t\t\t\t\t\t\t\t\t<div class=\"wd-gallery-item wd-col\">\n\t\t\t\t\t\t\t\t\t\t\t\t\t<a  href=\"https:\/\/www.montecastelli.com\/wp-content\/uploads\/2026\/02\/olio-primo-olio.jpg\" data-width=\"481\" data-height=\"495\" data-index=\"11\" data-elementor-open-lightbox=\"no\">\n\t\t\t\t\t\t\n\t\t\t\t\t\t<img loading=\"lazy\" decoding=\"async\" width=\"481\" height=\"495\" src=\"https:\/\/www.montecastelli.com\/wp-content\/uploads\/2026\/02\/olio-primo-olio.jpg\" class=\"attachment-full size-full\" alt=\"olio-primo olio\" srcset=\"https:\/\/www.montecastelli.com\/wp-content\/uploads\/2026\/02\/olio-primo-olio.jpg 481w, https:\/\/www.montecastelli.com\/wp-content\/uploads\/2026\/02\/olio-primo-olio-292x300.jpg 292w, https:\/\/www.montecastelli.com\/wp-content\/uploads\/2026\/02\/olio-primo-olio-430x443.jpg 430w, https:\/\/www.montecastelli.com\/wp-content\/uploads\/2026\/02\/olio-primo-olio-150x154.jpg 150w\" sizes=\"auto, (max-width: 481px) 100vw, 481px\" \/>\n\t\t\t\t\t\t\t\t\t\t\t\t\t<\/a>\n\t\t\t\t\t\t\t\t\t\t\t<\/div>\n\t\t\t\t\t\t\t\t\t\t\t\t\t\t\t<div class=\"wd-gallery-item wd-col\">\n\t\t\t\t\t\t\t\t\t\t\t\t\t<a  href=\"https:\/\/www.montecastelli.com\/wp-content\/uploads\/2026\/02\/produzione-olio-evo-Villa-Montecastelli-5.webp\" data-width=\"1000\" data-height=\"707\" data-index=\"12\" data-elementor-open-lightbox=\"no\">\n\t\t\t\t\t\t\n\t\t\t\t\t\t<img loading=\"lazy\" decoding=\"async\" width=\"1000\" height=\"707\" src=\"https:\/\/www.montecastelli.com\/wp-content\/uploads\/2026\/02\/produzione-olio-evo-Villa-Montecastelli-5.webp\" class=\"attachment-full size-full\" alt=\"produzione olio evo Villa Montecastelli 5\" srcset=\"https:\/\/www.montecastelli.com\/wp-content\/uploads\/2026\/02\/produzione-olio-evo-Villa-Montecastelli-5.webp 1000w, https:\/\/www.montecastelli.com\/wp-content\/uploads\/2026\/02\/produzione-olio-evo-Villa-Montecastelli-5-400x283.webp 400w, https:\/\/www.montecastelli.com\/wp-content\/uploads\/2026\/02\/produzione-olio-evo-Villa-Montecastelli-5-768x543.webp 768w, https:\/\/www.montecastelli.com\/wp-content\/uploads\/2026\/02\/produzione-olio-evo-Villa-Montecastelli-5-430x304.webp 430w, https:\/\/www.montecastelli.com\/wp-content\/uploads\/2026\/02\/produzione-olio-evo-Villa-Montecastelli-5-700x495.webp 700w, https:\/\/www.montecastelli.com\/wp-content\/uploads\/2026\/02\/produzione-olio-evo-Villa-Montecastelli-5-150x106.webp 150w\" sizes=\"auto, (max-width: 1000px) 100vw, 1000px\" \/>\n\t\t\t\t\t\t\t\t\t\t\t\t\t<\/a>\n\t\t\t\t\t\t\t\t\t\t\t<\/div>\n\t\t\t\t\t\t\t\t\t\t\t\t\t\t\t<div class=\"wd-gallery-item wd-col\">\n\t\t\t\t\t\t\t\t\t\t\t\t\t<a  href=\"https:\/\/www.montecastelli.com\/wp-content\/uploads\/2026\/02\/produzione-olio-evo-Villa-Montecastelli-4.webp\" data-width=\"1000\" data-height=\"614\" data-index=\"13\" data-elementor-open-lightbox=\"no\">\n\t\t\t\t\t\t\n\t\t\t\t\t\t<img loading=\"lazy\" decoding=\"async\" width=\"1000\" height=\"614\" src=\"https:\/\/www.montecastelli.com\/wp-content\/uploads\/2026\/02\/produzione-olio-evo-Villa-Montecastelli-4.webp\" class=\"attachment-full size-full\" alt=\"produzione olio evo Villa Montecastelli 4\" srcset=\"https:\/\/www.montecastelli.com\/wp-content\/uploads\/2026\/02\/produzione-olio-evo-Villa-Montecastelli-4.webp 1000w, https:\/\/www.montecastelli.com\/wp-content\/uploads\/2026\/02\/produzione-olio-evo-Villa-Montecastelli-4-400x246.webp 400w, https:\/\/www.montecastelli.com\/wp-content\/uploads\/2026\/02\/produzione-olio-evo-Villa-Montecastelli-4-768x472.webp 768w, https:\/\/www.montecastelli.com\/wp-content\/uploads\/2026\/02\/produzione-olio-evo-Villa-Montecastelli-4-430x264.webp 430w, https:\/\/www.montecastelli.com\/wp-content\/uploads\/2026\/02\/produzione-olio-evo-Villa-Montecastelli-4-700x430.webp 700w, https:\/\/www.montecastelli.com\/wp-content\/uploads\/2026\/02\/produzione-olio-evo-Villa-Montecastelli-4-150x92.webp 150w\" sizes=\"auto, (max-width: 1000px) 100vw, 1000px\" \/>\n\t\t\t\t\t\t\t\t\t\t\t\t\t<\/a>\n\t\t\t\t\t\t\t\t\t\t\t<\/div>\n\t\t\t\t\t\t\t\t\t\t\t\t\t<\/div>\n\t\t\t\t\t<\/div>\n\t\t\t\t\t\t<\/div>\n\t\t\t\t<\/div>\n\t\t\t\t<\/div>\n\t\t\t\t<\/div>\n\t\t\t\t<\/div>\n\t\t","protected":false},"excerpt":{"rendered":"<p>unser Produkt unser Produkt Bio natives Oliven\u00f6l extra und Gem\u00fcse aus dem Garten F\u00fcr unsere Produkte halten wir uns an<\/p>\n","protected":false},"author":1,"featured_media":0,"parent":0,"menu_order":0,"comment_status":"closed","ping_status":"closed","template":"","meta":{"footnotes":""},"class_list":["post-32495","page","type-page","status-publish","hentry"],"yoast_head":"<!-- This site is optimized with the Yoast SEO plugin v27.2 - https:\/\/yoast.com\/product\/yoast-seo-wordpress\/ -->\n<title>unser Produkt - Villa Montecastello<\/title>\n<meta name=\"robots\" content=\"index, follow, max-snippet:-1, max-image-preview:large, max-video-preview:-1\" \/>\n<link rel=\"canonical\" href=\"https:\/\/www.montecastelli.com\/de\/produkte-montecastelli\/\" \/>\n<meta property=\"og:locale\" content=\"de_DE\" \/>\n<meta property=\"og:type\" content=\"article\" \/>\n<meta property=\"og:title\" content=\"unser Produkt - Villa Montecastello\" \/>\n<meta property=\"og:description\" content=\"unser Produkt unser Produkt Bio natives Oliven\u00f6l extra und Gem\u00fcse aus dem Garten F\u00fcr unsere Produkte halten wir uns an\" \/>\n<meta property=\"og:url\" content=\"https:\/\/www.montecastelli.com\/de\/produkte-montecastelli\/\" \/>\n<meta property=\"og:site_name\" content=\"Villa Montecastello\" \/>\n<meta property=\"article:modified_time\" content=\"2026-04-22T10:16:48+00:00\" \/>\n<meta property=\"og:image\" content=\"https:\/\/www.montecastelli.com\/wp-content\/uploads\/2026\/02\/olivi-di-Villa-Montecastelli.webp\" \/>\n<meta name=\"twitter:card\" content=\"summary_large_image\" \/>\n<meta name=\"twitter:label1\" content=\"Gesch\u00e4tzte Lesezeit\" \/>\n\t<meta name=\"twitter:data1\" content=\"2\u00a0Minuten\" \/>\n<script type=\"application\/ld+json\" class=\"yoast-schema-graph\">{\"@context\":\"https:\/\/schema.org\",\"@graph\":[{\"@type\":\"WebPage\",\"@id\":\"https:\/\/www.montecastelli.com\/de\/produkte-montecastelli\/\",\"url\":\"https:\/\/www.montecastelli.com\/de\/produkte-montecastelli\/\",\"name\":\"unser Produkt - Villa Montecastello\",\"isPartOf\":{\"@id\":\"https:\/\/www.montecastelli.com\/de\/#website\"},\"primaryImageOfPage\":{\"@id\":\"https:\/\/www.montecastelli.com\/de\/produkte-montecastelli\/#primaryimage\"},\"image\":{\"@id\":\"https:\/\/www.montecastelli.com\/de\/produkte-montecastelli\/#primaryimage\"},\"thumbnailUrl\":\"https:\/\/www.montecastelli.com\/wp-content\/uploads\/2026\/02\/olivi-di-Villa-Montecastelli.webp\",\"datePublished\":\"2026-02-10T17:28:58+00:00\",\"dateModified\":\"2026-04-22T10:16:48+00:00\",\"breadcrumb\":{\"@id\":\"https:\/\/www.montecastelli.com\/de\/produkte-montecastelli\/#breadcrumb\"},\"inLanguage\":\"de\",\"potentialAction\":[{\"@type\":\"ReadAction\",\"target\":[\"https:\/\/www.montecastelli.com\/de\/produkte-montecastelli\/\"]}]},{\"@type\":\"ImageObject\",\"inLanguage\":\"de\",\"@id\":\"https:\/\/www.montecastelli.com\/de\/produkte-montecastelli\/#primaryimage\",\"url\":\"https:\/\/www.montecastelli.com\/wp-content\/uploads\/2026\/02\/olivi-di-Villa-Montecastelli.webp\",\"contentUrl\":\"https:\/\/www.montecastelli.com\/wp-content\/uploads\/2026\/02\/olivi-di-Villa-Montecastelli.webp\"},{\"@type\":\"BreadcrumbList\",\"@id\":\"https:\/\/www.montecastelli.com\/de\/produkte-montecastelli\/#breadcrumb\",\"itemListElement\":[{\"@type\":\"ListItem\",\"position\":1,\"name\":\"Home\",\"item\":\"https:\/\/www.montecastelli.com\/de\/\"},{\"@type\":\"ListItem\",\"position\":2,\"name\":\"unser Produkt\"}]},{\"@type\":\"WebSite\",\"@id\":\"https:\/\/www.montecastelli.com\/de\/#website\",\"url\":\"https:\/\/www.montecastelli.com\/de\/\",\"name\":\"Villa Montecastello\",\"description\":\"a luxury Agriturismo for an authentic and unique experience in Tuscany\",\"publisher\":{\"@id\":\"https:\/\/www.montecastelli.com\/de\/#organization\"},\"potentialAction\":[{\"@type\":\"SearchAction\",\"target\":{\"@type\":\"EntryPoint\",\"urlTemplate\":\"https:\/\/www.montecastelli.com\/de\/?s={search_term_string}\"},\"query-input\":{\"@type\":\"PropertyValueSpecification\",\"valueRequired\":true,\"valueName\":\"search_term_string\"}}],\"inLanguage\":\"de\"},{\"@type\":\"Organization\",\"@id\":\"https:\/\/www.montecastelli.com\/de\/#organization\",\"name\":\"Villa Montecastello\",\"url\":\"https:\/\/www.montecastelli.com\/de\/\",\"logo\":{\"@type\":\"ImageObject\",\"inLanguage\":\"de\",\"@id\":\"https:\/\/www.montecastelli.com\/de\/#\/schema\/logo\/image\/\",\"url\":\"https:\/\/www.montecastelli.com\/wp-content\/uploads\/2026\/03\/fav-398x300-1.png\",\"contentUrl\":\"https:\/\/www.montecastelli.com\/wp-content\/uploads\/2026\/03\/fav-398x300-1.png\",\"width\":698,\"height\":300,\"caption\":\"Villa Montecastello\"},\"image\":{\"@id\":\"https:\/\/www.montecastelli.com\/de\/#\/schema\/logo\/image\/\"}}]}<\/script>\n<!-- \/ Yoast SEO plugin. -->","yoast_head_json":{"title":"unser Produkt - Villa Montecastello","robots":{"index":"index","follow":"follow","max-snippet":"max-snippet:-1","max-image-preview":"max-image-preview:large","max-video-preview":"max-video-preview:-1"},"canonical":"https:\/\/www.montecastelli.com\/de\/produkte-montecastelli\/","og_locale":"de_DE","og_type":"article","og_title":"unser Produkt - Villa Montecastello","og_description":"unser Produkt unser Produkt Bio natives Oliven\u00f6l extra und Gem\u00fcse aus dem Garten F\u00fcr unsere Produkte halten wir uns an","og_url":"https:\/\/www.montecastelli.com\/de\/produkte-montecastelli\/","og_site_name":"Villa Montecastello","article_modified_time":"2026-04-22T10:16:48+00:00","og_image":[{"url":"https:\/\/www.montecastelli.com\/wp-content\/uploads\/2026\/02\/olivi-di-Villa-Montecastelli.webp","type":"","width":"","height":""}],"twitter_card":"summary_large_image","twitter_misc":{"Gesch\u00e4tzte Lesezeit":"2\u00a0Minuten"},"schema":{"@context":"https:\/\/schema.org","@graph":[{"@type":"WebPage","@id":"https:\/\/www.montecastelli.com\/de\/produkte-montecastelli\/","url":"https:\/\/www.montecastelli.com\/de\/produkte-montecastelli\/","name":"unser Produkt - Villa Montecastello","isPartOf":{"@id":"https:\/\/www.montecastelli.com\/de\/#website"},"primaryImageOfPage":{"@id":"https:\/\/www.montecastelli.com\/de\/produkte-montecastelli\/#primaryimage"},"image":{"@id":"https:\/\/www.montecastelli.com\/de\/produkte-montecastelli\/#primaryimage"},"thumbnailUrl":"https:\/\/www.montecastelli.com\/wp-content\/uploads\/2026\/02\/olivi-di-Villa-Montecastelli.webp","datePublished":"2026-02-10T17:28:58+00:00","dateModified":"2026-04-22T10:16:48+00:00","breadcrumb":{"@id":"https:\/\/www.montecastelli.com\/de\/produkte-montecastelli\/#breadcrumb"},"inLanguage":"de","potentialAction":[{"@type":"ReadAction","target":["https:\/\/www.montecastelli.com\/de\/produkte-montecastelli\/"]}]},{"@type":"ImageObject","inLanguage":"de","@id":"https:\/\/www.montecastelli.com\/de\/produkte-montecastelli\/#primaryimage","url":"https:\/\/www.montecastelli.com\/wp-content\/uploads\/2026\/02\/olivi-di-Villa-Montecastelli.webp","contentUrl":"https:\/\/www.montecastelli.com\/wp-content\/uploads\/2026\/02\/olivi-di-Villa-Montecastelli.webp"},{"@type":"BreadcrumbList","@id":"https:\/\/www.montecastelli.com\/de\/produkte-montecastelli\/#breadcrumb","itemListElement":[{"@type":"ListItem","position":1,"name":"Home","item":"https:\/\/www.montecastelli.com\/de\/"},{"@type":"ListItem","position":2,"name":"unser Produkt"}]},{"@type":"WebSite","@id":"https:\/\/www.montecastelli.com\/de\/#website","url":"https:\/\/www.montecastelli.com\/de\/","name":"Villa Montecastello","description":"a luxury Agriturismo for an authentic and unique experience in Tuscany","publisher":{"@id":"https:\/\/www.montecastelli.com\/de\/#organization"},"potentialAction":[{"@type":"SearchAction","target":{"@type":"EntryPoint","urlTemplate":"https:\/\/www.montecastelli.com\/de\/?s={search_term_string}"},"query-input":{"@type":"PropertyValueSpecification","valueRequired":true,"valueName":"search_term_string"}}],"inLanguage":"de"},{"@type":"Organization","@id":"https:\/\/www.montecastelli.com\/de\/#organization","name":"Villa Montecastello","url":"https:\/\/www.montecastelli.com\/de\/","logo":{"@type":"ImageObject","inLanguage":"de","@id":"https:\/\/www.montecastelli.com\/de\/#\/schema\/logo\/image\/","url":"https:\/\/www.montecastelli.com\/wp-content\/uploads\/2026\/03\/fav-398x300-1.png","contentUrl":"https:\/\/www.montecastelli.com\/wp-content\/uploads\/2026\/03\/fav-398x300-1.png","width":698,"height":300,"caption":"Villa Montecastello"},"image":{"@id":"https:\/\/www.montecastelli.com\/de\/#\/schema\/logo\/image\/"}}]}},"_links":{"self":[{"href":"https:\/\/www.montecastelli.com\/de\/wp-json\/wp\/v2\/pages\/32495","targetHints":{"allow":["GET"]}}],"collection":[{"href":"https:\/\/www.montecastelli.com\/de\/wp-json\/wp\/v2\/pages"}],"about":[{"href":"https:\/\/www.montecastelli.com\/de\/wp-json\/wp\/v2\/types\/page"}],"author":[{"embeddable":true,"href":"https:\/\/www.montecastelli.com\/de\/wp-json\/wp\/v2\/users\/1"}],"replies":[{"embeddable":true,"href":"https:\/\/www.montecastelli.com\/de\/wp-json\/wp\/v2\/comments?post=32495"}],"version-history":[{"count":18,"href":"https:\/\/www.montecastelli.com\/de\/wp-json\/wp\/v2\/pages\/32495\/revisions"}],"predecessor-version":[{"id":33572,"href":"https:\/\/www.montecastelli.com\/de\/wp-json\/wp\/v2\/pages\/32495\/revisions\/33572"}],"wp:attachment":[{"href":"https:\/\/www.montecastelli.com\/de\/wp-json\/wp\/v2\/media?parent=32495"}],"curies":[{"name":"wp","href":"https:\/\/api.w.org\/{rel}","templated":true}]}}